{"id":9628,"date":"2020-05-23T11:22:42","date_gmt":"2020-05-23T11:22:42","guid":{"rendered":"https:\/\/www.cabosalcoi.com\/decalogo\/"},"modified":"2021-02-03T12:20:02","modified_gmt":"2021-02-03T12:20:02","slug":"decaleg","status":"publish","type":"page","link":"https:\/\/www.cabosalcoi.com\/ca\/decaleg\/","title":{"rendered":"Dec\u00e0leg"},"content":{"rendered":"<p>[vc_row][vc_column][vc_empty_space height=&#8221;62px&#8221;]\r\n\r\n\t<div class=\"sh-heading sh-heading-style1\" id=\"heading-VgaeIOGkP8\">\r\n\t\t<h1 class=\"sh-heading-content size-default\">\r\n\t\t\t<\/span>\n<span style=\"text-align: center;\"><span style=\"font-weight: 400;\">DEC\u00c0LEG DE L\u2019 ARRANC\u00c0 D\u2019ESQUADRA<\/span><\/span>\n<span>\t\t<\/h1>\r\n\t<\/div>\r\n\r\n            <style type=\"text\/css\">\r\n                #heading-VgaeIOGkP8 .sh-heading-content {font-weight: 400!important;}            <\/style>\r\n        [vc_empty_space height=&#8221;62px&#8221;][vc_column_text]1\/ <strong>El Cap d\u2019esquadra, la seua esquadra i la banda de m\u00fasica, s\u00f3n els grans protagonistes d\u2019aquest acte.<\/strong> Cal controlar que ning\u00fa moleste, distraga, camine, passe per davant, per darrere i que tot estiga preparat per a aquest moment m\u00e0gic<strong>.<\/strong><\/p>\n<p>2\/ <strong>El cap d&#8217;esquadra portar\u00e0 la seua esquadra al lloc indicat per a fer \u201cl\u2019arranc\u00e0\u201d.<\/strong> Cal baixar caminant fins al lloc indicat de l\u2019arranc\u00e0, nom\u00e9s.<\/p>\n<p><strong>3\/ El cap d&#8217;esquadra \u00e9s qui, quan veja que est\u00e0 tot preparat, donar\u00e0 l&#8217;ordre al director de la banda de m\u00fasica<\/strong> perqu\u00e8 comencen a interpretar la marxa seleccionada per ell o per la \u201cfil\u00e0\u201d. Haur\u00e0 de con\u00e8ixer al detall la composici\u00f3 musical que li interpretaran.<\/p>\n<p><strong>4\/ El cap marcar\u00e0 el pas a la seua esquadra<\/strong> tan prompte com la banda estiga interpretant la marxa, no en els moments de percussi\u00f3 que fan abans de comen\u00e7ar la marxa. Si s&#8217;equivocara, marcant el pas, se li comunicar\u00e0 l\u2019error, molt discretament.<\/p>\n<p><strong>5\/ El cap d&#8217;esquadra, no ha de demanar l&#8217;aplaudiment del p\u00fablic abans de \u201cl\u2019arranc\u00e0\u201d.<\/strong> De tots \u00e9s sabut que el nostre p\u00fablic \u00e9s gener\u00f3s, es fa\u00e7a b\u00e9 o malament, sempre ens aplaudeixen.<\/p>\n<p><strong>6\/El cap d&#8217;esquadra, no mour\u00e0 la seua arma abans de \u201cl\u2019arranca\u201d.<\/strong> Si ho fera, ha de ser d&#8217;una manera molt suau i l&#8217;arma tan baixa com fora possible, excepte \u201cfil\u00e0\u201d Andalusos i Llauradors que porten unes armes diferents.<\/p>\n<p><strong>7\/ El cap, tindr\u00e0 gran comunicaci\u00f3 amb l\u2019esquadra<\/strong>. Amb anterioritat a aquest moment (aconsellable) el cap haur\u00e0 donat, totes les indicacions, oportunes a l\u2019esquadra sobre quan han d&#8217;al\u00e7ar les armes. En tot moment ell i l\u2019esquadra estaran pendents d&#8217;aquest moment.<\/p>\n<p><strong>8\/ El cap i l\u2019esquadra al\u00e7aran les armes<\/strong> en el primer \u201cforte\u201d de la marxa (m\u00e9s que aconsellable), si \u00e9s en el segon cal improvisar molt i el temps \u00e9s or, aquesta decisi\u00f3, solament correspon al cap d&#8217;esquadra, amb consentiment del seu \u201cFil\u00e0\u201d.<\/p>\n<p><strong>9\/ El cap manar\u00e0 arrancar a l\u2019esquadra.<\/strong> Una vegada al\u00e7ades les armes, o al mateix temps, el m\u00e9s urgent \u00e9s arrancar r\u00e0pidament i que totes les altres \u201cfilaes\u201d, puguen fer les seues \u201c<em>arrancaes<\/em>\u201d sense problemes.<\/p>\n<p><strong>10\/El cap no se separar\u00e0 de l\u2019esquadra<\/strong>. Li donar\u00e0 un marge de dos a tres metres i quatre metres, si hi ha cap batedor. El cap d&#8217;esquadra, sempre, marxar\u00e0 pel centre de l\u2019esquadra.<\/p>\n<p><strong>Aquest dec\u00e0leg \u00e9s orientatiu, solament marca les pautes aconsellables per a una bona arranc\u00e0. No volem que s&#8217;entenga com a \u201cdogma\u201d ni \u201cllei\u201d, simplement com unes normes, que sempre s\u2019han utilitzat i ens fa la sensaci\u00f3 que s\u2019han oblidat amb el transcurs dels anys.<\/strong><\/p>\n<p><strong>El compliment d&#8217;aquest dec\u00e0leg no garanteix l&#8217;\u00e8xit d&#8217;una \u201carranc\u00e0\u201d, ac\u00ed cal afegir, ni m\u00e9s ni menys, \u201cl\u2019art\u201d del cap d&#8217;esquadra i ac\u00ed no hi ha normes ni pautes a seguir. Nom\u00e9s \u201cART\u201d.<\/strong>[\/vc_column_text][vc_empty_space height=&#8221;62px&#8221;][\/vc_column][\/vc_row]<\/p>\n","protected":false},"excerpt":{"rendered":"<p>[vc_row][vc_column][vc_empty_space height=&#8221;62px&#8221;] DEC\u00c0LEG DE L\u2019 ARRANC\u00c0 D\u2019ESQUADRA [vc_empty_space height=&#8221;62px&#8221;][vc_column_text]1\/ El Cap d\u2019esquadra, la seua esquadra i la banda de m\u00fasica, s\u00f3n els grans protagonistes d\u2019aquest acte. Cal controlar que ning\u00fa moleste, distraga, camine, passe per davant, per darrere i que tot estiga preparat per a&#8230;<\/p>\n","protected":false},"author":3,"featured_media":0,"parent":0,"menu_order":0,"comment_status":"closed","ping_status":"closed","template":"","meta":[],"_links":{"self":[{"href":"https:\/\/www.cabosalcoi.com\/ca\/wp-json\/wp\/v2\/pages\/9628"}],"collection":[{"href":"https:\/\/www.cabosalcoi.com\/ca\/wp-json\/wp\/v2\/pages"}],"about":[{"href":"https:\/\/www.cabosalcoi.com\/ca\/wp-json\/wp\/v2\/types\/page"}],"author":[{"embeddable":true,"href":"https:\/\/www.cabosalcoi.com\/ca\/wp-json\/wp\/v2\/users\/3"}],"replies":[{"embeddable":true,"href":"https:\/\/www.cabosalcoi.com\/ca\/wp-json\/wp\/v2\/comments?post=9628"}],"version-history":[{"count":4,"href":"https:\/\/www.cabosalcoi.com\/ca\/wp-json\/wp\/v2\/pages\/9628\/revisions"}],"predecessor-version":[{"id":9777,"href":"https:\/\/www.cabosalcoi.com\/ca\/wp-json\/wp\/v2\/pages\/9628\/revisions\/9777"}],"wp:attachment":[{"href":"https:\/\/www.cabosalcoi.com\/ca\/wp-json\/wp\/v2\/media?parent=9628"}],"curies":[{"name":"wp","href":"https:\/\/api.w.org\/{rel}","templated":true}]}}